{"id":1694,"date":"2023-12-02T11:50:19","date_gmt":"2023-12-02T10:50:19","guid":{"rendered":"https:\/\/www.escentina.com\/fragrances\/synthetic-fragrance-line-synscent\/"},"modified":"2026-01-22T17:06:35","modified_gmt":"2026-01-22T16:06:35","slug":"synthetic-fragrance-line-synscent","status":"publish","type":"page","link":"https:\/\/www.escentina.com\/de\/unsere-duefte\/synthetic-fragrance-line-synscent\/","title":{"rendered":"Synthetische D\u00fcfte"},"content":{"rendered":"\n<header class=\"wp-block-group parallax\"><div class=\"wp-block-group__inner-container is-layout-constrained wp-block-group-is-layout-constrained\">\n<h1 class=\"wp-block-heading\">Unsere Linie Synthetischer D\u00fcfte<br><em>SynScent<\/em><\/h1>\n\n\n\n<h2 class=\"wp-block-heading\">Die Werte der Natur durch die Wissenschaft verbessern<\/h2>\n\n\n\n<p class=\"scroller\"><a href=\"#introduction\">Scroll<\/a><\/p>\n<\/div><\/header>\n\n\n\n<section class=\"wp-block-group alignwide intro\" id=\"introduction\"><div class=\"wp-block-group__inner-container is-layout-constrained wp-block-group-is-layout-constrained\">\n<p>Wir sind uns der steigenden Nachfrage nach nat\u00fcrlichen Duftstoffen bewusst, erkennen aber auch die eindeutigen Vorteile synthetischer Parf\u00fcms an. Wir sind der festen \u00dcberzeugung, dass sowohl nat\u00fcrliche als auch synthetische Parf\u00fcms ihren Platz in der Duftindustrie haben. Wir sind stolz darauf, unserer Kundschaft mit unserem Angebot an nat\u00fcrlichen D\u00fcften und synthetischen Parf\u00fcmlinien das Beste aus beiden Welten anbieten zu k\u00f6nnen.<\/p>\n<\/div><\/section>\n\n\n\n<section class=\"wp-block-group alignwide\"><div class=\"wp-block-group__inner-container is-layout-constrained wp-block-group-is-layout-constrained\">\n<div class=\"wp-block-columns mb-4 is-layout-flex wp-container-core-columns-is-layout-9d6595d7 wp-block-columns-is-layout-flex\">\n<div class=\"wp-block-column is-vertically-aligned-center is-layout-flow wp-block-column-is-layout-flow\">\n<h3 class=\"wp-block-heading\">50 Jahre Erfahrung In Der Synthetischen Parf\u00fcmherstellung<\/h3>\n\n\n\n<p>Mit mehr als f\u00fcnf Jahrzehnten Erfahrung in der synthetischen Parf\u00fcmerie sind wir Vorreiter bei der Entwicklung massgeschneiderter L\u00f6sungen f\u00fcr Kundschaft mit speziellen Rezepturanforderungen oder f\u00fcr Kundschaft, die noch nicht auf nat\u00fcrliche D\u00fcfte umsteigen will. Unsere SynScent-Linie umfasst alle 15 Duftfamilien und deckt eine Vielzahl von Duftvorlieben ab.<\/p>\n<\/div>\n\n\n\n<div class=\"wp-block-column is-vertically-aligned-center is-layout-flow wp-block-column-is-layout-flow\">\n<div class=\"wp-block-group highlight-block\"><div class=\"wp-block-group__inner-container is-layout-constrained wp-block-group-is-layout-constrained\">\n<p>Begeben Sie sich auf eine pers\u00f6nliche Duftreise mit unserem exklusiven &#8222;Fragrance Project&#8220; bei Escentina. Tauchen Sie ein in ein Reich der <a title=\"Ein massgeschneiderter Duft ist eine auf die besonderen Vorlieben und Anforderungen eines Kunden zugeschnitten Duftkreation.\" href=\"#\">massgeschneiderten<\/a> D\u00fcfte, in dem Ihre olfaktorischen W\u00fcnsche zum Leben erweckt werden. Von durch die Natur inspirierten Elementen bis hin zu hochmodernen synthetischen Duftnoten, die auf die verschiedensten Anwendungen zugeschnitten sind, erwartet Sie Ihr ganz pers\u00f6nlicher Duft.<\/p>\n\n\n\n<div class=\"wp-block-buttons is-layout-flex wp-block-buttons-is-layout-flex\">\n<div class=\"wp-block-button\"><a class=\"wp-block-button__link wp-element-button\" href=\"https:\/\/www.escentina.com\/de\/unsere-duefte\/duft-projekte\/\" target=\"_blank\" rel=\"noreferrer noopener\">IHR DUFT-PROJEKT<\/a><\/div>\n<\/div>\n<\/div><\/div>\n<\/div>\n<\/div>\n\n\n<div class=\"wp-block-image\">\n<figure class=\"aligncenter size-full\"><img loading=\"lazy\" decoding=\"async\" width=\"1500\" height=\"287\" src=\"https:\/\/www.escentina.com\/wp-content\/uploads\/2025\/01\/escentina-collection.jpg\" alt=\"Die 15 Escentina-Kraftstofffamilien\" class=\"wp-image-13138\" srcset=\"https:\/\/www.escentina.com\/wp-content\/uploads\/2025\/01\/escentina-collection.jpg 1500w, https:\/\/www.escentina.com\/wp-content\/uploads\/2025\/01\/escentina-collection-630x121.jpg 630w, https:\/\/www.escentina.com\/wp-content\/uploads\/2025\/01\/escentina-collection-1200x230.jpg 1200w, https:\/\/www.escentina.com\/wp-content\/uploads\/2025\/01\/escentina-collection-768x147.jpg 768w\" sizes=\"auto, (max-width: 1500px) 100vw, 1500px\" \/><\/figure>\n<\/div><\/div><\/section>\n\n\n\n<section class=\"wp-block-group\"><div class=\"wp-block-group__inner-container is-layout-constrained wp-block-group-is-layout-constrained\">\n<div class=\"wp-block-columns alignwide mb-2 is-layout-flex wp-container-core-columns-is-layout-9d6595d7 wp-block-columns-is-layout-flex\">\n<div class=\"wp-block-column is-vertically-aligned-center is-layout-flow wp-block-column-is-layout-flow\">\n<h3 class=\"wp-block-heading\">Wir stellen Synscent vor<\/h3>\n\n\n\n<p>Unsere SynScent-Linie synthetischer Duftstoffe wurde sorgf\u00e4ltig entwickelt, um pr\u00e4zise Anforderungen zu erf\u00fcllen, und bietet aussergew\u00f6hnlich stabile und langlebige Formeln, die f\u00fcr Produkte mit langer Haltbarkeit entscheidend sind. Diese D\u00fcfte bieten eine breite Auswahl an Anwendungsm\u00f6glichkeiten und bieten unserer Kundschaft eine vielf\u00e4ltige Produktpalette, die es zu entdecken gilt.<\/p>\n<\/div>\n\n\n\n<div class=\"wp-block-column is-vertically-aligned-center is-layout-flow wp-block-column-is-layout-flow\">\n<div class=\"wp-block-group highlight-block\"><div class=\"wp-block-group__inner-container is-layout-constrained wp-block-group-is-layout-constrained\">\n<p>Tauchen Sie ein in die Welt von SynScent und entdecken Sie unsere Linie, die f\u00fcr alle Anwendungen und olfaktorischen W\u00fcnsche geeignet ist. Unser Online-Katalog ist \u00fcber unser Kundenportal zug\u00e4nglich, die ausschliesslich f\u00fcr unsere Kundschaft und Gesch\u00e4ftsleute bestimmt ist.<\/p>\n\n\n<a class=\"wp-block-button__link wp-element-button openButton\" data-dialog-id=\"1\">Anmelden<\/a>\n<\/div><\/div>\n<\/div>\n<\/div>\n\n\n\n<section class=\"wp-block-group olfactive-families mt-5\"><div class=\"wp-block-group__inner-container is-layout-constrained wp-block-group-is-layout-constrained\">\n<div class=\"wp-block-group accordion-item has-white-color has-text-color has-background has-link-color wp-elements-4e14a0513001b05ab03bfe6bbc69893a\" style=\"background-color:#e8e386\"><div class=\"wp-block-group__inner-container is-layout-constrained wp-block-group-is-layout-constrained\">\n<h4 class=\"wp-block-heading accordion-header\">Citrus<\/h4>\n\n\n\n<p class=\"accordion-content has-black-color has-text-color has-link-color wp-elements-93e97b61803707891dacf8c4ffaeb47c\">Die Citrus-Familie ist eine anregende Kollektion von D\u00fcften, die die lebendige Essenz von Zitrusfr\u00fcchten verk\u00f6rpern. Diese D\u00fcfte umfassen Zitrone, Orange, Grapefruit, Bergamotte, Litsea Cubeba, Zitronengras und Citronella und sind f\u00fcr ihre spritzigen, belebenden Eigenschaften bekannt. Mit ihren spritzigen Kopfnoten, die sofortige Frische verleihen, werden Zitrusd\u00fcfte f\u00fcr ihre F\u00e4higkeit gesch\u00e4tzt, zu beleben und zu stimulieren. Die Zitrusd\u00fcfte verleihen jeder Duftkomposition einen lebendigen, fr\u00f6hlichen Charakter und bringen Lebendigkeit in jede Duftkomposition.<\/p>\n<\/div><\/div>\n\n\n\n<div class=\"wp-block-group accordion-item has-background\" style=\"background-color:#c5dae2\"><div class=\"wp-block-group__inner-container is-layout-constrained wp-block-group-is-layout-constrained\">\n<h4 class=\"wp-block-heading accordion-header\">Aquatic<\/h4>\n\n\n\n<p class=\"accordion-content\">Die Aquatik-Familie vereint harmonisch zwei gegens\u00e4tzliche Welten. Inspiriert von Ozeanen, Fl\u00fcssen, Regen oder Ozon, spiegeln diese D\u00fcfte sowohl die wohltuende Essenz des Wassers und seine beruhigenden Eigenschaften als auch die belebende Frische eines Spr\u00fchers, einer Meeresbrise oder eines Windsto\u00dfes wider. Das Ergebnis ist ein vielseitiger Duft, der M\u00e4nner und Frauen gleicherma\u00dfen anspricht und eine k\u00f6stliche Mischung aus Frische, Reinheit und der zeitlosen Anziehungskraft des Wassers bietet.<\/p>\n<\/div><\/div>\n\n\n\n<div class=\"wp-block-group accordion-item has-background\" style=\"background-color:#bbd5a7\"><div class=\"wp-block-group__inner-container is-layout-constrained wp-block-group-is-layout-constrained\">\n<h4 class=\"wp-block-heading accordion-header\">Green<\/h4>\n\n\n\n<p class=\"accordion-content\">Die Green-Familie ist ein lebendiges Ensemble von D\u00fcften aus der F\u00fclle der Natur, inspiriert von der Faszination gr\u00fcner Landschaften. Die belebende Mischung aus frisch geschnittenem Gras, beruhigender Aloe Vera, anregendem gr\u00fcnem Tee, anregenden Tomatenbl\u00e4ttern, knackiger Gurke und zarten Veilchenbl\u00e4ttern verwebt sich zu einer Duftsymphonie, die die friedliche Essenz der Natur einf\u00e4ngt. Die f\u00fcr ihre ausgleichenden Eigenschaften gesch\u00e4tzten gr\u00fcnen D\u00fcfte erwecken die Sinne und n\u00e4hren die Seele.<\/p>\n<\/div><\/div>\n\n\n\n<div class=\"wp-block-group accordion-item has-background\" style=\"background-color:#81b2b0\"><div class=\"wp-block-group__inner-container is-layout-constrained wp-block-group-is-layout-constrained\">\n<h4 class=\"wp-block-heading accordion-header\">Aromatic<\/h4>\n\n\n\n<p class=\"accordion-content\">Die Aromatic-Familie ist ein belebendes Duftbouquet aus aromatischen und botanischen Kr\u00e4utern, inspiriert durch den Reichtum an Geschmack und Aroma in unseren bl\u00fchenden K\u00fccheng\u00e4rten. Diese wohltuende und erfrischende Kollektion verstr\u00f6mt D\u00fcfte von frischem Lavendel, Kamille und K\u00fcchenkr\u00e4utern wie Rosmarin, Thymian, Basilikum und Minze und f\u00e4ngt die Essenz des lebendigen Patchworks in der K\u00fcche ein. Es bietet eine k\u00f6stliche Mischung aus nat\u00fcrlichen Aromen mit heilenden Eigenschaften, die an die reiche Ernte unserer G\u00e4rten erinnert.<\/p>\n<\/div><\/div>\n\n\n\n<div class=\"wp-block-group accordion-item has-background\" style=\"background-color:#e7a3a0\"><div class=\"wp-block-group__inner-container is-layout-constrained wp-block-group-is-layout-constrained\">\n<h4 class=\"wp-block-heading accordion-header\">Fruity<\/h4>\n\n\n\n<p class=\"accordion-content\">Die Frucht-Familie ist eine Kollektion verschiedener, saftiger D\u00fcfte, die vor Originalit\u00e4t nur so strotzen und an einen k\u00f6stlichen, sonnigen Sommertag mit einem Korb voller frisch gepfl\u00fcckter Fr\u00fcchte erinnern. Vom saftigen Apfel bis zur s\u00fc\u00dfen Birne, vom s\u00fc\u00dfen Pfirsich bis zur \u00fcppigen Himbeere &#8211; eine k\u00f6stliche Symphonie fruchtiger Noten, die die Essenz der Jahreszeit perfekt einf\u00e4ngt. Aber nicht nur die fruchtigen D\u00fcfte, sondern auch die verlockenden Aromen von Kokosnuss, Litschi, Papaya und Mango entf\u00fchren uns an exotische Orte und in ferne Paradiese.<\/p>\n<\/div><\/div>\n\n\n\n<div class=\"wp-block-group accordion-item has-background\" style=\"background-color:#eac1c9\"><div class=\"wp-block-group__inner-container is-layout-constrained wp-block-group-is-layout-constrained\">\n<h4 class=\"wp-block-heading accordion-header\">Floral<\/h4>\n\n\n\n<p class=\"accordion-content\">Die Floral-Familie ist eine reichhaltige und opulente Sammlung von D\u00fcften, die f\u00fcr ihre einzigartigen, umh\u00fcllenden D\u00fcfte bekannt sind, die Geschichten von bl\u00fchenden G\u00e4rten und zeitloser Romantik erz\u00e4hlen. Die bezaubernden Aromen von Jasmin, Lilie, Gardenie, Rose und Narzisse verweben harmonisch die Geschichte der sch\u00f6nsten Sch\u00f6pfungen der Natur. Die authentischen Profile von Pfirsichbl\u00fcten, Hyazinthen und Freesien verleihen Charme, wie Bl\u00fctenbl\u00e4tter, die sich sanft im Morgenlicht entfalten. Wie ein k\u00f6stliches Duftbouquet l\u00e4dt uns die florale Familie in eine Welt der Eleganz und Poesie zu entf\u00fchren.<\/p>\n<\/div><\/div>\n\n\n\n<div class=\"wp-block-group accordion-item has-background\" style=\"background-color:#e4d6c6\"><div class=\"wp-block-group__inner-container is-layout-constrained wp-block-group-is-layout-constrained\">\n<h4 class=\"wp-block-heading accordion-header\">Powdery<\/h4>\n\n\n\n<p class=\"accordion-content has-black-color has-text-color has-link-color wp-elements-01ed560ce97fda8502419594ea26c921\">Die Pudrig-Familie ist eine Gruppe von raffinierten und zarten D\u00fcften, die f\u00fcr ihre samtige Weichheit bekannt sind. Die subtilen und raffinierten Noten von Iris, Veilchen und Mimose vermitteln ein Gef\u00fchl von raffinierter Raffinesse und Z\u00e4rtlichkeit. Die beruhigenden Noten von Tonkabohne und Vanille tragen zum Charme bei, w\u00e4hrend die watteartigen Bl\u00fcten des Heliotrops die Komposition anmutig ausbalancieren und eine harmonische, beruhigende Symphonie schaffen, die die Sinne umh\u00fcllt. Dies ist die bezaubernde und zeitlose Welt der pudrigen D\u00fcfte.<\/p>\n<\/div><\/div>\n\n\n\n<div class=\"wp-block-group accordion-item has-background\" style=\"background-color:#df818b\"><div class=\"wp-block-group__inner-container is-layout-constrained wp-block-group-is-layout-constrained\">\n<h4 class=\"wp-block-heading accordion-header\">Gourmand<\/h4>\n\n\n\n<p class=\"accordion-content\">Die Gourmand-Familie ist eine Sammlung von s\u00fcssen, zarten D\u00fcften, die kunstvoll auf die D\u00fcfte der Kindheit zur\u00fcckgreifen, um Unschuld und Genuss zu wecken. Intensive Noten von Milch, Karamell, Vanille und Zuckerwatte vereinen sich zu Aromen, die Erinnerungen und Nostalgie wecken. Die warme Umarmung von Schokolade und Kaffee, die zarten Nuancen von N\u00fcssen, Reis, Haselnuss und Butter verleihen einen Hauch von Komfort und Sanftheit. Die Gourmand-Familie schl\u00e4gt eine Br\u00fccke zwischen der Vergangenheit und der Gegenwart, f\u00fcr die einfachen, vertrauten Momenten des Lebens.<\/p>\n<\/div><\/div>\n\n\n\n<div class=\"wp-block-group accordion-item has-background\" style=\"background-color:#acb296\"><div class=\"wp-block-group__inner-container is-layout-constrained wp-block-group-is-layout-constrained\">\n<h4 class=\"wp-block-heading accordion-header\">Chypre<\/h4>\n\n\n\n<p class=\"accordion-content\">Die Chypre-Familie verk\u00f6rpert Raffinesse, zeitlose Eleganz und zeitgen\u00f6ssische Anziehungskraft. Sie blickt auf eine reiche Geschichte zur\u00fcck und verf\u00fchrt Duftliebhaber mit ihrem fesselnden Charme. Chypre-D\u00fcfte inszenieren einen bezaubernden Tanz der Elemente, der mit belebenden Zitrusnoten in der Kopfnote, oft Bergamotte oder Zitrone, die Sinne wecken. Im weiteren Verlauf des Duftes sorgen blumige Noten wie Rose oder Jasmin f\u00fcr Subtilit\u00e4t und Raffinesse. Erdige Basisnoten wie Eichenmoos, Labdanum und Vetiver bilden einen geheimnisvollen, sinnlichen Anker und verleihen dem Duft Tiefe.<\/p>\n<\/div><\/div>\n\n\n\n<div class=\"wp-block-group accordion-item has-background\" style=\"background-color:#828875\"><div class=\"wp-block-group__inner-container is-layout-constrained wp-block-group-is-layout-constrained\">\n<h4 class=\"wp-block-heading accordion-header\">Fougere<\/h4>\n\n\n\n<p class=\"accordion-content\">Die Fougere-Familie war im 19. Jahrhundert eine wahre Revolution in der Parf\u00fcmerie. Diese Familie ist die Verschmelzung von Tradition und Innovation, die f\u00fcr Raffinesse steht. Frischer Lavendel und Rose sind die emblematischen Kopfnoten. Geranie und Eichenmoos verflechten sich zu einer lebendigen Mischung aus krautigen und holzigen Nuancen, die Kraft und Charakter verleihen. Muskatellersalbei und Cumarin verleihen dem Duft eine geheimnisvolle und sinnliche Note und machen ihn zu einer Essenz der M\u00e4nnlichkeit mit unvergleichlicher Eleganz und Anziehungskraft.<\/p>\n<\/div><\/div>\n\n\n\n<div class=\"wp-block-group accordion-item has-background\" style=\"background-color:#b6aba3\"><div class=\"wp-block-group__inner-container is-layout-constrained wp-block-group-is-layout-constrained\">\n<h4 class=\"wp-block-heading accordion-header\">Musky<\/h4>\n\n\n\n<p class=\"accordion-content\">Die Moschus-Familie spiegelt eine nuancierte Palette von Duftnoten wider, in der zarte Bl\u00fcten inmitten reicher Erdt\u00f6ne tanzen. Das Herzst\u00fcck dieser Familie ist die weiche, samtige Umarmung von weissem Moschus und Leinend\u00fcften mit ihren baumwollartigen, umh\u00fcllenden Noten. Im Laufe der Entwicklung des Dufts offenbart der Moschus neue Facetten: von der Sanftheit geht er \u00fcber zu subtileren, tieferen Nuancen. Gealterte Eiche und animalische Noten wie Ambrette-Samen bereichern den Duft mit Schichten erlesener Komplexit\u00e4t und verleihen dieser Kollektion weicher und doch kraftvoller D\u00fcfte einen einzigartigen Charakter.<\/p>\n<\/div><\/div>\n\n\n\n<div class=\"wp-block-group accordion-item has-background\" style=\"background-color:#a65b47\"><div class=\"wp-block-group__inner-container is-layout-constrained wp-block-group-is-layout-constrained\">\n<h4 class=\"wp-block-heading accordion-header\">Ambery<\/h4>\n\n\n\n<p class=\"accordion-content\">Die Amber-Familie strahlt Opulenz und Raffinesse aus und webt eine bet\u00f6rende Symphonie aus s\u00fcssen, holzigen und balsamischen Akkorden.&nbsp; Die warme Umarmung von Amber, wo Eleganz regiert und Verlockung keine Grenzen kennt, vermischt sich mit der w\u00fcrzigen F\u00fclle von Myrrhe und den rauchigen Nuancen von Styrax und verleiht den Kompositionen Tiefe und Komplexit\u00e4t. Labdanum bringt sein weiches, harziges Aroma ein, w\u00e4hrend die subtilen Nuancen von peruanischem Balsam und Benzoe \u00fcppige Geschichten von Eleganz und Dekadenz erz\u00e4hlen.<\/p>\n<\/div><\/div>\n\n\n\n<div class=\"wp-block-group accordion-item has-background\" style=\"background-color:#da6847\"><div class=\"wp-block-group__inner-container is-layout-constrained wp-block-group-is-layout-constrained\">\n<h4 class=\"wp-block-heading accordion-header\">Oriental<\/h4>\n\n\n\n<p class=\"accordion-content\">Die Oriental-Familie ist bekannt f\u00fcr ihre W\u00e4rme und ihren lebendigen Charakter. Sie l\u00e4dt zur Erkundung der Sinne auf einem exotischen Marktplatz ein, wo die Luft reichhaltig mit blumigen und w\u00fcrzigen Noten durchsetzt ist. Diese harmonische, lebendige Verschmelzung von Vanille, Holz und balsamischen Akkorden erinnert an ein fernes Land, in dem Opulenz und Charme jeden Winkel durchdringen. Aus kostbaren Zutaten wie Amber, Tabak, Gew\u00fcrzen und erlesenen H\u00f6lzern hergestellt, tr\u00e4gt jedes Element zu einem sinnlichen Erlebnis bei, das Zeit und Trends \u00fcberdauert.<\/p>\n<\/div><\/div>\n\n\n\n<div class=\"wp-block-group accordion-item has-background\" style=\"background-color:#7f231a\"><div class=\"wp-block-group__inner-container is-layout-constrained wp-block-group-is-layout-constrained\">\n<h4 class=\"wp-block-heading accordion-header\">Spicy<\/h4>\n\n\n\n<p class=\"accordion-content\">Die Gew\u00fcrz-Familie ist f\u00fcr ihren lebendigen olfaktorischen Reichtum bekannt. Diese D\u00fcfte regen die olfaktorischen und gustatorischen Sinne an und rufen eine Mischung von Aromen mit einzigartiger Intensit\u00e4t hervor. Bei dieser aromatischen Reise stehen warme Gew\u00fcrze wie Zimt, Muskatnuss, schwarzer Pfeffer und Nelke im Mittelpunkt. Im weiteren Verlauf der Geschichte verleihen k\u00fchlere Gew\u00fcrze wie Kardamom und Koriander Tiefe, und sch\u00e4rfere Noten wie rosa Pfeffer, Safran und Ingwer tragen zu einem vielf\u00e4ltigen und verlockenden Erlebnis bei.<\/p>\n<\/div><\/div>\n\n\n\n<div class=\"wp-block-group accordion-item has-background\" style=\"background-color:#50372d\"><div class=\"wp-block-group__inner-container is-layout-constrained wp-block-group-is-layout-constrained\">\n<h4 class=\"wp-block-heading accordion-header\">Woody<\/h4>\n\n\n\n<p class=\"accordion-content\">Die Woody-Familie ist tief in der Natur verwurzelt und spiegelt die Essenz der B\u00e4ume wider. Von der gebieterischen Pr\u00e4senz des Zedernholzes bis zur wohligen W\u00e4rme des Sandelholzes, von der Erdigkeit des Patchouli bis zur rauchigen Tiefe der Birke &#8211; die holzigen D\u00fcfte erz\u00e4hlen Geschichten von dichten W\u00e4ldern, sonnenverw\u00f6hnten Lichtungen und regengetr\u00e4nkten Landschaften. Die Botschafter der Natur, die Kiefer mit ihrer majest\u00e4tischen Nadelholzessenz und die Zeder mit ihrem harzigen Charme, bereichern diese olfaktorische Landschaft mit edlen D\u00fcften.<\/p>\n<\/div><\/div>\n<\/div><\/section>\n<\/div><\/section>\n\n\n\n<section class=\"wp-block-group alignwide\"><div class=\"wp-block-group__inner-container is-layout-constrained wp-block-group-is-layout-constrained\">\n<div class=\"wp-block-columns are-vertically-aligned-center is-layout-flex wp-container-core-columns-is-layout-9d6595d7 wp-block-columns-is-layout-flex\">\n<div class=\"wp-block-column is-vertically-aligned-center highlight-block is-layout-flow wp-block-column-is-layout-flow\" style=\"flex-basis:40%\">\n<h3 class=\"wp-block-heading\">Vielseitige Leistungsf\u00e4higkeit f\u00fcr ein breites Anwendungsspektrum<\/h3>\n\n\n\n<p>Von der K\u00f6rperpflege \u00fcber Fine Fragrances bis hin zur Haushaltspflege und dar\u00fcber hinaus ist unsere synthetische Duftstofflinie SynScent f\u00fcr eine Vielzahl von Anforderungen konzipiert.<br>Sie bietet eine umfangreiche Auswahl an allergenfreien und allergenarmen Optionen, die nat\u00fcrliche Alternativen \u00fcbertreffen und gleichzeitig die komplizierten Nuancen des Geruchsinns und die Kunst des Duftens bewahren.<br>Sorgf\u00e4ltig entwickelt, um empfindlicher Haut und Kleinkinder gerecht zu werden, gew\u00e4hrleisten sie sowohl Sicherheit als auch Raffinesse in jeder Anwendung.<\/p>\n\n\n    <a class=\"wp-block-button__link wp-element-button openPopup\" data-popup-id=\"1\">Kontaktieren Sie Uns<\/a>\r\n    <div id=\"overlay1\" class=\"overlay\">\r\n        <div class=\"popup container-sm popup1\">\r\n            <div class=\"popup-container\">\r\n                <button class=\"closeButton\" data-popup-id=\"1\"><\/button>\r\n                <div class=\"row form\">\r\n                    <h2>Kontaktieren Sie Uns<\/h2>\r\n                    \n<div class=\"wpcf7 no-js\" id=\"wpcf7-f3152-o1\" lang=\"de-DE\" dir=\"ltr\" data-wpcf7-id=\"3152\">\n<div class=\"screen-reader-response\"><p role=\"status\" aria-live=\"polite\" aria-atomic=\"true\"><\/p> <ul><\/ul><\/div>\n<form action=\"\/de\/wp-json\/wp\/v2\/pages\/1694#wpcf7-f3152-o1\" method=\"post\" class=\"wpcf7-form init\" aria-label=\"Kontaktformular\" enctype=\"multipart\/form-data\" novalidate=\"novalidate\" data-status=\"init\">\n<fieldset class=\"hidden-fields-container\"><input type=\"hidden\" name=\"_wpcf7\" value=\"3152\" \/><input type=\"hidden\" name=\"_wpcf7_version\" value=\"6.1.5\" \/><input type=\"hidden\" name=\"_wpcf7_locale\" value=\"de_DE\" \/><input type=\"hidden\" name=\"_wpcf7_unit_tag\" value=\"wpcf7-f3152-o1\" \/><input type=\"hidden\" name=\"_wpcf7_container_post\" value=\"0\" \/><input type=\"hidden\" name=\"_wpcf7_posted_data_hash\" value=\"\" \/><input type=\"hidden\" name=\"_wpcf7cf_hidden_group_fields\" value=\"[]\" \/><input type=\"hidden\" name=\"_wpcf7cf_hidden_groups\" value=\"[]\" \/><input type=\"hidden\" name=\"_wpcf7cf_visible_groups\" value=\"[]\" \/><input type=\"hidden\" name=\"_wpcf7cf_repeaters\" value=\"[]\" \/><input type=\"hidden\" name=\"_wpcf7cf_steps\" value=\"{}\" \/><input type=\"hidden\" name=\"_wpcf7cf_options\" value=\"{&quot;form_id&quot;:3152,&quot;conditions&quot;:[],&quot;settings&quot;:{&quot;animation&quot;:&quot;yes&quot;,&quot;animation_intime&quot;:200,&quot;animation_outtime&quot;:200,&quot;conditions_ui&quot;:&quot;normal&quot;,&quot;notice_dismissed&quot;:true,&quot;notice_dismissed_rollback-cf7-5.8.6&quot;:true,&quot;notice_dismissed_rollback-cf7-5.8.7&quot;:true,&quot;notice_dismissed_rollback-cf7-5.9.2&quot;:true,&quot;notice_dismissed_rollback-cf7-5.9.6&quot;:true}}\" \/>\n<\/fieldset>\n<p>Unser engagiertes Team steht Ihnen gerne zur Verf\u00fcgung.<\/p>\n<p class=\"has-small-font-size\">*Erforderliche Informationen.<\/p>\n\n<div class=\"row mt-4 p-relative\">\n\n  <!-- Name -->\n  <div class=\"form-group col-lg-6\">\n    <label for=\"first-name\">Vorname*<\/label>\n    <span class=\"wpcf7-form-control-wrap\" data-name=\"first-name\"><input size=\"40\" maxlength=\"400\" class=\"wpcf7-form-control wpcf7-text wpcf7-validates-as-required\" id=\"first-name\" autocomplete=\"given-name\" aria-required=\"true\" aria-invalid=\"false\" value=\"\" type=\"text\" name=\"first-name\" \/><\/span>\n  <\/div>\n\n  <div class=\"form-group col-lg-6\">\n    <label for=\"last-name\">Nachname*<\/label>\n    <span class=\"wpcf7-form-control-wrap\" data-name=\"last-name\"><input size=\"40\" maxlength=\"400\" class=\"wpcf7-form-control wpcf7-text wpcf7-validates-as-required\" id=\"last-name\" autocomplete=\"family-name\" aria-required=\"true\" aria-invalid=\"false\" value=\"\" type=\"text\" name=\"last-name\" \/><\/span>\n  <\/div>\n\n  <!-- Firma -->\n  <div class=\"form-group col-lg-6\">\n    <label for=\"your-company\">Unternehmen*<\/label>\n    <span class=\"wpcf7-form-control-wrap\" data-name=\"your-company\"><input size=\"40\" maxlength=\"400\" class=\"wpcf7-form-control wpcf7-text wpcf7-validates-as-required\" id=\"your-company\" autocomplete=\"organization\" aria-required=\"true\" aria-invalid=\"false\" value=\"\" type=\"text\" name=\"your-company\" \/><\/span>\n  <\/div>\n\n  <div class=\"form-group col-lg-6\">\n    <label for=\"vat-number\">MwSt-Nummer*<\/label>\n    <span class=\"wpcf7-form-control-wrap\" data-name=\"vat-number\"><input size=\"40\" maxlength=\"400\" class=\"wpcf7-form-control wpcf7-text wpcf7-validates-as-required\" id=\"vat-number\" aria-required=\"true\" aria-invalid=\"false\" value=\"\" type=\"text\" name=\"vat-number\" \/><\/span>\n  <\/div>\n\n  <!-- Adresse -->\n  <div class=\"form-group col-lg-12\">\n    <label for=\"your-address\">Anschrift<\/label>\n    <span class=\"wpcf7-form-control-wrap\" data-name=\"your-address\"><input size=\"40\" maxlength=\"400\" class=\"wpcf7-form-control wpcf7-text\" id=\"your-address\" autocomplete=\"street-address\" aria-invalid=\"false\" value=\"\" type=\"text\" name=\"your-address\" \/><\/span>\n  <\/div>\n\n  <div class=\"form-group col-lg-3\">\n    <label for=\"post-code\">PLZ<\/label>\n    <span class=\"wpcf7-form-control-wrap\" data-name=\"post-code\"><input size=\"40\" maxlength=\"400\" class=\"wpcf7-form-control wpcf7-text\" id=\"post-code\" autocomplete=\"postal-code\" aria-invalid=\"false\" value=\"\" type=\"text\" name=\"post-code\" \/><\/span>\n  <\/div>\n\n  <div class=\"form-group col-lg-5\">\n    <label for=\"your-city\">Stadt<\/label>\n    <span class=\"wpcf7-form-control-wrap\" data-name=\"your-city\"><input size=\"40\" maxlength=\"400\" class=\"wpcf7-form-control wpcf7-text\" id=\"your-city\" autocomplete=\"address-level2\" aria-invalid=\"false\" value=\"\" type=\"text\" name=\"your-city\" \/><\/span>\n  <\/div>\n\n  <div class=\"form-group col-lg-4\">\n    <label for=\"your-country\">Land*<\/label>\n    <span class=\"wpcf7-form-control-wrap\" data-name=\"your-country\"><input size=\"40\" class=\"wpcf7-form-control wpcf7-countrytext wpcf7-validates-as-required wpcf7-text wpcf7-validates-as-countrytext\" id=\"your-country\" autocomplete=\"country-name\" aria-required=\"true\" aria-invalid=\"false\" value=\"\" type=\"text\" name=\"your-country\" \/><\/span>\n    <span id=\"wpcf7-69f3e2d41c507-wrapper\" class=\"wpcf7-form-control-wrap my-country-wrap\" style=\"display:none !important; visibility:hidden !important;\"><input type=\"hidden\" name=\"my-country-time-start\" value=\"1777590996\"><input type=\"hidden\" name=\"my-country-time-check\" value=\"6\"><label for=\"wpcf7-69f3e2d41c507-field\" class=\"hp-message\">Bitte lasse dieses Feld leer.<\/label><input id=\"wpcf7-69f3e2d41c507-field\"  class=\"wpcf7-form-control wpcf7-text\" type=\"text\" name=\"my-country\" value=\"\" size=\"40\" tabindex=\"-1\" autocomplete=\"new-password\" \/><\/span>\n  <\/div>\n\n  <!-- Kontakt -->\n  <div class=\"form-group col-lg-6\">\n    <label for=\"your-email\">E-Mail*<\/label>\n    <span class=\"wpcf7-form-control-wrap\" data-name=\"your-email\"><input size=\"40\" maxlength=\"400\" class=\"wpcf7-form-control wpcf7-email wpcf7-validates-as-required wpcf7-text wpcf7-validates-as-email\" id=\"your-email\" autocomplete=\"email\" aria-required=\"true\" aria-invalid=\"false\" value=\"\" type=\"email\" name=\"your-email\" \/><\/span>\n  <\/div>\n\n  <div class=\"form-group col-lg-6\">\n    <label for=\"your-phone\">Telefon*<\/label>\n    <span class=\"wpcf7-form-control-wrap\" data-name=\"your-phone\"><input size=\"40\" class=\"wpcf7-form-control wpcf7-phonetext wpcf7-validates-as-required wpcf7-text wpcf7-validates-as-phonetext\" id=\"your-phone\" data-numberonly=\"true\" aria-required=\"true\" aria-invalid=\"false\" value=\"\" type=\"text\" name=\"your-phone\" \/><input type=\"hidden\" name=\"your-phone-country-code\" class=\"wpcf7-phonetext-country-code\" \/><\/span>\n  <\/div>\n\n  <!-- Abteilung -->\n  <div class=\"form-group col-lg-6 custom-select\">\n    <label for=\"our-services\">Abteilung*<\/label>\n    <span class=\"wpcf7-form-control-wrap\" data-name=\"our-services\"><select class=\"wpcf7-form-control wpcf7-select wpcf7-validates-as-required\" id=\"our-services\" aria-required=\"true\" aria-invalid=\"false\" name=\"our-services\"><option value=\"\">&#8211; Bitte ausw\u00e4hlen &#8211;<\/option><option value=\"Bitte w\u00e4hlen Sie aus folgenden Abteilungen\">Bitte w\u00e4hlen Sie aus folgenden Abteilungen<\/option><option value=\"Marketing\">Marketing<\/option><option value=\"Muster\">Muster<\/option><option value=\"Kundendienst\">Kundendienst<\/option><option value=\"Qualit\u00e4ts\">Qualit\u00e4ts<\/option><option value=\"Regulierungs\">Regulierungs<\/option><option value=\"Vertriebsabteilung\">Vertriebsabteilung<\/option><\/select><\/span>\n  <\/div>\n\n  <!-- Nachricht -->\n  <div class=\"form-group col-lg-12\">\n    <label for=\"your-message\">Nachricht*<\/label>\n    <span class=\"wpcf7-form-control-wrap\" data-name=\"your-message\"><textarea cols=\"40\" rows=\"10\" maxlength=\"2000\" class=\"wpcf7-form-control wpcf7-textarea wpcf7-validates-as-required\" id=\"your-message\" aria-required=\"true\" aria-invalid=\"false\" name=\"your-message\"><\/textarea><\/span>\n  <\/div>\n\n  <!-- Anh\u00e4nge -->\n  <div class=\"form-group attachment col-lg-4\">\n    <label for=\"file-1\">Anhang 1<\/label>\n    <div class=\"custom-file-container\">\n      <span class=\"custom-file-upload\" data-default-label=\"W\u00e4hlen Sie Ihre Datei...\">W\u00e4hlen Sie Ihre Datei...<\/span>\n      <a href=\"#\" class=\"custom-file-link\">Durchsuchen<\/a>\n      <a href=\"#\" class=\"delete-file-link\" style=\"display:none;\"><\/a>\n    <\/div>\n    <span class=\"wpcf7-form-control-wrap\" data-name=\"file-1\"><input size=\"40\" class=\"wpcf7-form-control wpcf7-file\" id=\"file-1\" accept=\".jpg,.pdf,.png\" aria-invalid=\"false\" type=\"file\" name=\"file-1\" \/><\/span>\n  <\/div>\n\n  <div class=\"form-group attachment col-lg-4\">\n    <label for=\"file-2\">Anhang 2<\/label>\n    <div class=\"custom-file-container\">\n      <span class=\"custom-file-upload\" data-default-label=\"W\u00e4hlen Sie Ihre Datei...\">W\u00e4hlen Sie Ihre Datei...<\/span>\n      <a href=\"#\" class=\"custom-file-link\">Durchsuchen<\/a>\n      <a href=\"#\" class=\"delete-file-link\" style=\"display:none;\"><\/a>\n    <\/div>\n    <span class=\"wpcf7-form-control-wrap\" data-name=\"file-2\"><input size=\"40\" class=\"wpcf7-form-control wpcf7-file\" id=\"file-2\" accept=\".jpg,.pdf,.png\" aria-invalid=\"false\" type=\"file\" name=\"file-2\" \/><\/span>\n  <\/div>\n\n  <div class=\"form-group attachment col-lg-4\">\n    <label for=\"file-3\">Anhang 3<\/label>\n    <div class=\"custom-file-container\">\n      <span class=\"custom-file-upload\" data-default-label=\"W\u00e4hlen Sie Ihre Datei...\">W\u00e4hlen Sie Ihre Datei...<\/span>\n      <a href=\"#\" class=\"custom-file-link\">Durchsuchen<\/a>\n      <a href=\"#\" class=\"delete-file-link\" style=\"display:none;\"><\/a>\n    <\/div>\n    <span class=\"wpcf7-form-control-wrap\" data-name=\"file-3\"><input size=\"40\" class=\"wpcf7-form-control wpcf7-file\" id=\"file-3\" accept=\".jpg,.pdf,.png\" aria-invalid=\"false\" type=\"file\" name=\"file-3\" \/><\/span>\n  <\/div>\n\n  <p class=\"mention\">\n    Akzeptierte Dateitypen: PDF und JPG (die Dateitypen DOCX, TXT, MSG, PPT und XLS werden nicht akzeptiert).\n  <\/p>\n\n  <!-- Datenschutz -->\n  <div class=\"form-group consent col-lg-12\">\n    <span class=\"wpcf7-form-control-wrap\" data-name=\"consent-rgpd\"><span class=\"wpcf7-form-control wpcf7-acceptance\"><span class=\"wpcf7-list-item\"><label><input type=\"checkbox\" name=\"consent-rgpd\" value=\"1\" aria-invalid=\"false\" \/><span class=\"wpcf7-list-item-label\">Mit dem Absenden dieses Formulars erkl\u00e4ren Sie sich damit einverstanden, \n    dass wir die von Ihnen angegebenen Informationen verwenden, um Ihre Kontaktanfrage zu beantworten. \n    Ihre pers\u00f6nlichen Daten werden in \u00dcbereinstimmung mit unserer Datenschutzrichtlinie verarbeitet. \n    Sie haben das Recht, diese Zustimmung jederzeit zu widerrufen, indem Sie sich mit uns in Verbindung setzen. \n    Weitere Informationen \u00fcber die Verwendung pers\u00f6nlicher Daten durch uns finden Sie in unserer \n    <a href=\"https:\/\/www.escentina.com\/de\/data-privacy-policy\/\" target=\"_blank\" rel=\"noopener noreferrer\">Datenschutzrichtlinie<\/a>.*<\/span><\/label><\/span><\/span><\/span>\n  <\/div>\n\n  <span class=\"wpcf7-form-control-wrap hcaptcha_cf7\" data-name=\"hcaptcha_cf7\">\n            <input type=\"hidden\" name=\"hcaptcha_cf7\" value=\"\">\n            <div class=\"h-captcha\" data-sitekey=\"ad5cef30-2582-4d54-ae74-aaca79606fd8\"><\/div>\n        <\/span>\n  <input class=\"wpcf7-form-control wpcf7-submit has-spinner\" type=\"submit\" value=\"Absenden\" \/>\n\n<\/div><div class=\"wpcf7-response-output\" aria-hidden=\"true\"><\/div>\n<\/form>\n<\/div>\n                <\/div>\r\n            <\/div>\r\n        <\/div>\r\n    <\/div>\r\n    \n<\/div>\n\n\n\n<div class=\"wp-block-column is-vertically-aligned-center is-layout-flow wp-block-column-is-layout-flow\">    <div class=\"row product-app\">\r\n        <div class=\"col-md-6 p-0 row d-flex align-content-center\">\r\n            <ul class=\"product-app__items\">\r\n                                            <li class=\"visible\">\r\n                                <a href=\"#product-app-1\">Hautpflege<\/a>\r\n                            <\/li>\r\n                                            <li class=\"\">\r\n                                <a href=\"#product-app-2\">K\u00f6rperpflege<\/a>\r\n                            <\/li>\r\n                                            <li class=\"\">\r\n                                <a href=\"#product-app-3\">Lippenpflege<\/a>\r\n                            <\/li>\r\n                                            <li class=\"\">\r\n                                <a href=\"#product-app-4\">Mundpflege<\/a>\r\n                            <\/li>\r\n                                            <li class=\"\">\r\n                                <a href=\"#product-app-5\">Haarpflege<\/a>\r\n                            <\/li>\r\n                                            <li class=\"\">\r\n                                <a href=\"#product-app-6\">Make Up<\/a>\r\n                            <\/li>\r\n                                            <li class=\"\">\r\n                                <a href=\"#product-app-7\">Fine Fragrance<\/a>\r\n                            <\/li>\r\n                                            <li class=\"\">\r\n                                <a href=\"#product-app-8\">Haushalt<\/a>\r\n                            <\/li>\r\n                                            <li class=\"\">\r\n                                <a href=\"#product-app-9\">Kerzen<\/a>\r\n                            <\/li>\r\n                                            <li class=\"\">\r\n                                <a href=\"#product-app-10\">Stoffpflege<\/a>\r\n                            <\/li>\r\n                            <\/ul>\r\n        <\/div>\r\n        <div class=\"col-md-6 p-0\">\r\n                                    <div id=\"product-app-1\" class=\"product-app__img visible\">\r\n                            <img decoding=\"async\" src=\"https:\/\/www.escentina.com\/wp-content\/uploads\/2023\/12\/skincare-min.jpg\" alt=\"\" \/>\r\n                        <\/div>\r\n                                    <div id=\"product-app-2\" class=\"product-app__img \">\r\n                            <img decoding=\"async\" src=\"https:\/\/www.escentina.com\/wp-content\/uploads\/2023\/12\/bodycare-min.jpg\" alt=\"\" \/>\r\n                        <\/div>\r\n                                    <div id=\"product-app-3\" class=\"product-app__img \">\r\n                            <img decoding=\"async\" src=\"https:\/\/www.escentina.com\/wp-content\/uploads\/2023\/12\/lipcare-min.jpg\" alt=\"\" \/>\r\n                        <\/div>\r\n                                    <div id=\"product-app-4\" class=\"product-app__img \">\r\n                            <img decoding=\"async\" src=\"https:\/\/www.escentina.com\/wp-content\/uploads\/2023\/12\/oralcare-min.jpg\" alt=\"\" \/>\r\n                        <\/div>\r\n                                    <div id=\"product-app-5\" class=\"product-app__img \">\r\n                            <img decoding=\"async\" src=\"https:\/\/www.escentina.com\/wp-content\/uploads\/2023\/12\/haircare-min.jpg\" alt=\"\" \/>\r\n                        <\/div>\r\n                                    <div id=\"product-app-6\" class=\"product-app__img \">\r\n                            <img decoding=\"async\" src=\"https:\/\/www.escentina.com\/wp-content\/uploads\/2023\/12\/makeup-min.jpg\" alt=\"\" \/>\r\n                        <\/div>\r\n                                    <div id=\"product-app-7\" class=\"product-app__img \">\r\n                            <img decoding=\"async\" src=\"https:\/\/www.escentina.com\/wp-content\/uploads\/2023\/12\/finefragrance-min.jpg\" alt=\"\" \/>\r\n                        <\/div>\r\n                                    <div id=\"product-app-8\" class=\"product-app__img \">\r\n                            <img decoding=\"async\" src=\"https:\/\/www.escentina.com\/wp-content\/uploads\/2023\/12\/homecare-min.jpg\" alt=\"\" \/>\r\n                        <\/div>\r\n                                    <div id=\"product-app-9\" class=\"product-app__img \">\r\n                            <img decoding=\"async\" src=\"https:\/\/www.escentina.com\/wp-content\/uploads\/2023\/12\/candle-min.jpg\" alt=\"\" \/>\r\n                        <\/div>\r\n                                    <div id=\"product-app-10\" class=\"product-app__img \">\r\n                            <img decoding=\"async\" src=\"https:\/\/www.escentina.com\/wp-content\/uploads\/2023\/12\/fabriccare-min.jpg\" alt=\"\" \/>\r\n                        <\/div>\r\n                    <\/div>\r\n    <\/div>\r\n    \n<\/div>\n<\/div>\n\n\n\n<div class=\"wp-block-columns are-vertically-aligned-center is-layout-flex wp-container-core-columns-is-layout-9d6595d7 wp-block-columns-is-layout-flex\">\n<div class=\"wp-block-column is-vertically-aligned-center is-layout-flow wp-block-column-is-layout-flow\">\n<figure class=\"wp-block-image size-medium\"><img alt=\"\" decoding=\"async\" src=\"https:\/\/www.escentina.com\/wp-content\/uploads\/2024\/12\/DSC00843-mod-dec24-square-WEB-630x630.jpg\" alt=\"\" class=\"wp-image-9522\"\/><\/figure>\n<\/div>\n\n\n\n<div class=\"wp-block-column is-vertically-aligned-center is-layout-flow wp-block-column-is-layout-flow\">\n<h3 class=\"wp-block-heading\">Qualit\u00e4t und Industriestandards verpflichtet<\/h3>\n\n\n\n<p>Im Einklang mit den h\u00f6chsten Industriestandards entsprechen unsere synthetischen Kompositionen unserem unersch\u00fctterlichen Streben nach konstanter Qualit\u00e4t. Flexibilit\u00e4t ist ein Grundpfeiler, welches sich in unserer Mindestbestellmenge von nur 1 kg zeigt.<\/p>\n\n\n\n<p>Unser Engagement f\u00fcr Qualit\u00e4t und die Einhaltung von Vorschriften bleibt unver\u00e4ndert, da wir gewissenhaft sicherstellen, dass unsere synthetischen Duftstoffe den <a href=\"#\" title=\"IFRA ist die International Fragrance Association, ein global aktiver Interessensverband der Parfumindustrie, der weltweite Standards f\u00fcr die sichere Verwendung von Duftstoffen in Konsumg\u00fctern festlegt. Die IFRA-Standards werden auf der Grundlage wissenschaftlicher Forschung und Risikobewertungen entwickelt und legen H\u00f6chstkonzentrationen von Duftstoffen in verschiedenen Produkten fest. Die IFRA bietet Beratung und Unterst\u00fctzung in den Bereichen Duftsicherheit, Nachhaltigkeit und Einhaltung gesetzlicher Vorschriften, um zu gew\u00e4hrleisten, dass die Verbraucher Duftstoffe sicher und langfristig geniessen k\u00f6nnen.\">IFRA<\/a>-Richtlinien entsprechen. Unsere Produktion entspricht den strengsten Herstellungsverfahren der Branche.<\/p>\n\n\n\n<div class=\"wp-block-buttons external-link is-layout-flex wp-block-buttons-is-layout-flex\">\n<div class=\"wp-block-button\"><a class=\"wp-block-button__link wp-element-button\" href=\"https:\/\/ifrafragrance.org\/\" target=\"_blank\" rel=\"noreferrer noopener\">Mehr Erfahren<\/a><\/div>\n<\/div>\n<\/div>\n<\/div>\n<\/div><\/section>\n\n\n\n<section class=\"wp-block-group alignwide needhelp\"><div class=\"wp-block-group__inner-container is-layout-constrained wp-block-group-is-layout-constrained\">\n<div class=\"wp-block-group alignwide\"><div class=\"wp-block-group__inner-container is-layout-constrained wp-block-group-is-layout-constrained\">\n<h3 class=\"wp-block-heading has-text-align-center\">Brauchen Sie Hilfe?<\/h3>\n\n\n\n<div class=\"wp-block-columns container-md is-layout-flex wp-container-core-columns-is-layout-9d6595d7 wp-block-columns-is-layout-flex\">\n<div class=\"wp-block-column btn-need is-layout-flow wp-block-column-is-layout-flow\">\n<p class=\"yourscent\"><a href=\"https:\/\/www.escentina.com\/de\/reichen-sie-ihr-projekt-ein\/\" data-type=\"page\" data-id=\"4848\">Reichen Sie Ihr <br>Projekt ein<\/a><\/p>\n<\/div>\n\n\n\n<div class=\"wp-block-column btn-need is-layout-flow wp-block-column-is-layout-flow\">\n<div class=\"wp-block-group proplatform\"><div class=\"wp-block-group__inner-container is-layout-constrained wp-block-group-is-layout-constrained\"><a class=\"openButton\" data-dialog-id=\"1\">Unserer<br> Kundenportal<\/a>\n<\/div><\/div>\n<\/div>\n\n\n\n<div class=\"wp-block-column btn-need is-layout-flow wp-block-column-is-layout-flow\">\n<p class=\"finddistributor\"><a href=\"https:\/\/www.escentina.com\/de\/unsere-vertriebspartner\/\" data-type=\"page\" data-id=\"3008\">Unsere <br>Vertriebspartner<\/a><\/p>\n<\/div>\n\n\n\n<div class=\"wp-block-column btn-need is-layout-flow wp-block-column-is-layout-flow\">\n<p class=\"contactus\">    <a class=\"openPopup\" data-popup-id=\"1\">\r\n        Kontaktieren<br>  Sie Uns    <\/a>\r\n    <div id=\"overlay1\" class=\"overlay\">\r\n        <div class=\"popup container-sm popup1\">\r\n            <div class=\"popup-container\">\r\n                <button class=\"closeButton\" data-popup-id=\"1\"><\/button>\r\n                <div class=\"row form\">\r\n                    <h2>Kontaktieren Sie Uns<\/h2>\r\n                    \n<div class=\"wpcf7 no-js\" id=\"wpcf7-f3152-o2\" lang=\"de-DE\" dir=\"ltr\" data-wpcf7-id=\"3152\">\n<div class=\"screen-reader-response\"><p role=\"status\" aria-live=\"polite\" aria-atomic=\"true\"><\/p> <ul><\/ul><\/div>\n<form action=\"\/de\/wp-json\/wp\/v2\/pages\/1694#wpcf7-f3152-o2\" method=\"post\" class=\"wpcf7-form init\" aria-label=\"Kontaktformular\" enctype=\"multipart\/form-data\" novalidate=\"novalidate\" data-status=\"init\">\n<fieldset class=\"hidden-fields-container\"><input type=\"hidden\" name=\"_wpcf7\" value=\"3152\" \/><input type=\"hidden\" name=\"_wpcf7_version\" value=\"6.1.5\" \/><input type=\"hidden\" name=\"_wpcf7_locale\" value=\"de_DE\" \/><input type=\"hidden\" name=\"_wpcf7_unit_tag\" value=\"wpcf7-f3152-o2\" \/><input type=\"hidden\" name=\"_wpcf7_container_post\" value=\"0\" \/><input type=\"hidden\" name=\"_wpcf7_posted_data_hash\" value=\"\" \/><input type=\"hidden\" name=\"_wpcf7cf_hidden_group_fields\" value=\"[]\" \/><input type=\"hidden\" name=\"_wpcf7cf_hidden_groups\" value=\"[]\" \/><input type=\"hidden\" name=\"_wpcf7cf_visible_groups\" value=\"[]\" \/><input type=\"hidden\" name=\"_wpcf7cf_repeaters\" value=\"[]\" \/><input type=\"hidden\" name=\"_wpcf7cf_steps\" value=\"{}\" \/><input type=\"hidden\" name=\"_wpcf7cf_options\" value=\"{&quot;form_id&quot;:3152,&quot;conditions&quot;:[],&quot;settings&quot;:{&quot;animation&quot;:&quot;yes&quot;,&quot;animation_intime&quot;:200,&quot;animation_outtime&quot;:200,&quot;conditions_ui&quot;:&quot;normal&quot;,&quot;notice_dismissed&quot;:true,&quot;notice_dismissed_rollback-cf7-5.8.6&quot;:true,&quot;notice_dismissed_rollback-cf7-5.8.7&quot;:true,&quot;notice_dismissed_rollback-cf7-5.9.2&quot;:true,&quot;notice_dismissed_rollback-cf7-5.9.6&quot;:true}}\" \/>\n<\/fieldset>\n<p>Unser engagiertes Team steht Ihnen gerne zur Verf\u00fcgung.<\/p>\n<p class=\"has-small-font-size\">*Erforderliche Informationen.<\/p>\n\n<div class=\"row mt-4 p-relative\">\n\n  <!-- Name -->\n  <div class=\"form-group col-lg-6\">\n    <label for=\"first-name\">Vorname*<\/label>\n    <span class=\"wpcf7-form-control-wrap\" data-name=\"first-name\"><input size=\"40\" maxlength=\"400\" class=\"wpcf7-form-control wpcf7-text wpcf7-validates-as-required\" autocomplete=\"given-name\" aria-required=\"true\" aria-invalid=\"false\" value=\"\" type=\"text\" name=\"first-name\" \/><\/span>\n  <\/div>\n\n  <div class=\"form-group col-lg-6\">\n    <label for=\"last-name\">Nachname*<\/label>\n    <span class=\"wpcf7-form-control-wrap\" data-name=\"last-name\"><input size=\"40\" maxlength=\"400\" class=\"wpcf7-form-control wpcf7-text wpcf7-validates-as-required\" autocomplete=\"family-name\" aria-required=\"true\" aria-invalid=\"false\" value=\"\" type=\"text\" name=\"last-name\" \/><\/span>\n  <\/div>\n\n  <!-- Firma -->\n  <div class=\"form-group col-lg-6\">\n    <label for=\"your-company\">Unternehmen*<\/label>\n    <span class=\"wpcf7-form-control-wrap\" data-name=\"your-company\"><input size=\"40\" maxlength=\"400\" class=\"wpcf7-form-control wpcf7-text wpcf7-validates-as-required\" autocomplete=\"organization\" aria-required=\"true\" aria-invalid=\"false\" value=\"\" type=\"text\" name=\"your-company\" \/><\/span>\n  <\/div>\n\n  <div class=\"form-group col-lg-6\">\n    <label for=\"vat-number\">MwSt-Nummer*<\/label>\n    <span class=\"wpcf7-form-control-wrap\" data-name=\"vat-number\"><input size=\"40\" maxlength=\"400\" class=\"wpcf7-form-control wpcf7-text wpcf7-validates-as-required\" aria-required=\"true\" aria-invalid=\"false\" value=\"\" type=\"text\" name=\"vat-number\" \/><\/span>\n  <\/div>\n\n  <!-- Adresse -->\n  <div class=\"form-group col-lg-12\">\n    <label for=\"your-address\">Anschrift<\/label>\n    <span class=\"wpcf7-form-control-wrap\" data-name=\"your-address\"><input size=\"40\" maxlength=\"400\" class=\"wpcf7-form-control wpcf7-text\" autocomplete=\"street-address\" aria-invalid=\"false\" value=\"\" type=\"text\" name=\"your-address\" \/><\/span>\n  <\/div>\n\n  <div class=\"form-group col-lg-3\">\n    <label for=\"post-code\">PLZ<\/label>\n    <span class=\"wpcf7-form-control-wrap\" data-name=\"post-code\"><input size=\"40\" maxlength=\"400\" class=\"wpcf7-form-control wpcf7-text\" autocomplete=\"postal-code\" aria-invalid=\"false\" value=\"\" type=\"text\" name=\"post-code\" \/><\/span>\n  <\/div>\n\n  <div class=\"form-group col-lg-5\">\n    <label for=\"your-city\">Stadt<\/label>\n    <span class=\"wpcf7-form-control-wrap\" data-name=\"your-city\"><input size=\"40\" maxlength=\"400\" class=\"wpcf7-form-control wpcf7-text\" autocomplete=\"address-level2\" aria-invalid=\"false\" value=\"\" type=\"text\" name=\"your-city\" \/><\/span>\n  <\/div>\n\n  <div class=\"form-group col-lg-4\">\n    <label for=\"your-country\">Land*<\/label>\n    <span class=\"wpcf7-form-control-wrap\" data-name=\"your-country\"><input size=\"40\" class=\"wpcf7-form-control wpcf7-countrytext wpcf7-validates-as-required wpcf7-text wpcf7-validates-as-countrytext\" autocomplete=\"country-name\" aria-required=\"true\" aria-invalid=\"false\" value=\"\" type=\"text\" name=\"your-country\" \/><\/span>\n    <span id=\"wpcf7-69f3e2d42d4a0-wrapper\" class=\"wpcf7-form-control-wrap my-country-wrap\" style=\"display:none !important; visibility:hidden !important;\"><input type=\"hidden\" name=\"my-country-time-start\" value=\"1777590996\"><input type=\"hidden\" name=\"my-country-time-check\" value=\"6\"><label for=\"wpcf7-69f3e2d42d4a0-field\" class=\"hp-message\">Bitte lasse dieses Feld leer.<\/label><input id=\"wpcf7-69f3e2d42d4a0-field\"  class=\"wpcf7-form-control wpcf7-text\" type=\"text\" name=\"my-country\" value=\"\" size=\"40\" tabindex=\"-1\" autocomplete=\"new-password\" \/><\/span>\n  <\/div>\n\n  <!-- Kontakt -->\n  <div class=\"form-group col-lg-6\">\n    <label for=\"your-email\">E-Mail*<\/label>\n    <span class=\"wpcf7-form-control-wrap\" data-name=\"your-email\"><input size=\"40\" maxlength=\"400\" class=\"wpcf7-form-control wpcf7-email wpcf7-validates-as-required wpcf7-text wpcf7-validates-as-email\" autocomplete=\"email\" aria-required=\"true\" aria-invalid=\"false\" value=\"\" type=\"email\" name=\"your-email\" \/><\/span>\n  <\/div>\n\n  <div class=\"form-group col-lg-6\">\n    <label for=\"your-phone\">Telefon*<\/label>\n    <span class=\"wpcf7-form-control-wrap\" data-name=\"your-phone\"><input size=\"40\" class=\"wpcf7-form-control wpcf7-phonetext wpcf7-validates-as-required wpcf7-text wpcf7-validates-as-phonetext\" data-numberonly=\"true\" aria-required=\"true\" aria-invalid=\"false\" value=\"\" type=\"text\" name=\"your-phone\" \/><input type=\"hidden\" name=\"your-phone-country-code\" class=\"wpcf7-phonetext-country-code\" \/><\/span>\n  <\/div>\n\n  <!-- Abteilung -->\n  <div class=\"form-group col-lg-6 custom-select\">\n    <label for=\"our-services\">Abteilung*<\/label>\n    <span class=\"wpcf7-form-control-wrap\" data-name=\"our-services\"><select class=\"wpcf7-form-control wpcf7-select wpcf7-validates-as-required\" aria-required=\"true\" aria-invalid=\"false\" name=\"our-services\"><option value=\"\">&#8211; Bitte ausw\u00e4hlen &#8211;<\/option><option value=\"Bitte w\u00e4hlen Sie aus folgenden Abteilungen\">Bitte w\u00e4hlen Sie aus folgenden Abteilungen<\/option><option value=\"Marketing\">Marketing<\/option><option value=\"Muster\">Muster<\/option><option value=\"Kundendienst\">Kundendienst<\/option><option value=\"Qualit\u00e4ts\">Qualit\u00e4ts<\/option><option value=\"Regulierungs\">Regulierungs<\/option><option value=\"Vertriebsabteilung\">Vertriebsabteilung<\/option><\/select><\/span>\n  <\/div>\n\n  <!-- Nachricht -->\n  <div class=\"form-group col-lg-12\">\n    <label for=\"your-message\">Nachricht*<\/label>\n    <span class=\"wpcf7-form-control-wrap\" data-name=\"your-message\"><textarea cols=\"40\" rows=\"10\" maxlength=\"2000\" class=\"wpcf7-form-control wpcf7-textarea wpcf7-validates-as-required\" aria-required=\"true\" aria-invalid=\"false\" name=\"your-message\"><\/textarea><\/span>\n  <\/div>\n\n  <!-- Anh\u00e4nge -->\n  <div class=\"form-group attachment col-lg-4\">\n    <label for=\"file-1\">Anhang 1<\/label>\n    <div class=\"custom-file-container\">\n      <span class=\"custom-file-upload\" data-default-label=\"W\u00e4hlen Sie Ihre Datei...\">W\u00e4hlen Sie Ihre Datei...<\/span>\n      <a href=\"#\" class=\"custom-file-link\">Durchsuchen<\/a>\n      <a href=\"#\" class=\"delete-file-link\" style=\"display:none;\"><\/a>\n    <\/div>\n    <span class=\"wpcf7-form-control-wrap\" data-name=\"file-1\"><input size=\"40\" class=\"wpcf7-form-control wpcf7-file\" accept=\".jpg,.pdf,.png\" aria-invalid=\"false\" type=\"file\" name=\"file-1\" \/><\/span>\n  <\/div>\n\n  <div class=\"form-group attachment col-lg-4\">\n    <label for=\"file-2\">Anhang 2<\/label>\n    <div class=\"custom-file-container\">\n      <span class=\"custom-file-upload\" data-default-label=\"W\u00e4hlen Sie Ihre Datei...\">W\u00e4hlen Sie Ihre Datei...<\/span>\n      <a href=\"#\" class=\"custom-file-link\">Durchsuchen<\/a>\n      <a href=\"#\" class=\"delete-file-link\" style=\"display:none;\"><\/a>\n    <\/div>\n    <span class=\"wpcf7-form-control-wrap\" data-name=\"file-2\"><input size=\"40\" class=\"wpcf7-form-control wpcf7-file\" accept=\".jpg,.pdf,.png\" aria-invalid=\"false\" type=\"file\" name=\"file-2\" \/><\/span>\n  <\/div>\n\n  <div class=\"form-group attachment col-lg-4\">\n    <label for=\"file-3\">Anhang 3<\/label>\n    <div class=\"custom-file-container\">\n      <span class=\"custom-file-upload\" data-default-label=\"W\u00e4hlen Sie Ihre Datei...\">W\u00e4hlen Sie Ihre Datei...<\/span>\n      <a href=\"#\" class=\"custom-file-link\">Durchsuchen<\/a>\n      <a href=\"#\" class=\"delete-file-link\" style=\"display:none;\"><\/a>\n    <\/div>\n    <span class=\"wpcf7-form-control-wrap\" data-name=\"file-3\"><input size=\"40\" class=\"wpcf7-form-control wpcf7-file\" accept=\".jpg,.pdf,.png\" aria-invalid=\"false\" type=\"file\" name=\"file-3\" \/><\/span>\n  <\/div>\n\n  <p class=\"mention\">\n    Akzeptierte Dateitypen: PDF und JPG (die Dateitypen DOCX, TXT, MSG, PPT und XLS werden nicht akzeptiert).\n  <\/p>\n\n  <!-- Datenschutz -->\n  <div class=\"form-group consent col-lg-12\">\n    <span class=\"wpcf7-form-control-wrap\" data-name=\"consent-rgpd\"><span class=\"wpcf7-form-control wpcf7-acceptance\"><span class=\"wpcf7-list-item\"><label><input type=\"checkbox\" name=\"consent-rgpd\" value=\"1\" aria-invalid=\"false\" \/><span class=\"wpcf7-list-item-label\">Mit dem Absenden dieses Formulars erkl\u00e4ren Sie sich damit einverstanden, \n    dass wir die von Ihnen angegebenen Informationen verwenden, um Ihre Kontaktanfrage zu beantworten. \n    Ihre pers\u00f6nlichen Daten werden in \u00dcbereinstimmung mit unserer Datenschutzrichtlinie verarbeitet. \n    Sie haben das Recht, diese Zustimmung jederzeit zu widerrufen, indem Sie sich mit uns in Verbindung setzen. \n    Weitere Informationen \u00fcber die Verwendung pers\u00f6nlicher Daten durch uns finden Sie in unserer \n    <a href=\"https:\/\/www.escentina.com\/de\/data-privacy-policy\/\" target=\"_blank\" rel=\"noopener noreferrer\">Datenschutzrichtlinie<\/a>.*<\/span><\/label><\/span><\/span><\/span>\n  <\/div>\n\n  <span class=\"wpcf7-form-control-wrap hcaptcha_cf7\" data-name=\"hcaptcha_cf7\">\n            <input type=\"hidden\" name=\"hcaptcha_cf7\" value=\"\">\n            <div class=\"h-captcha\" data-sitekey=\"ad5cef30-2582-4d54-ae74-aaca79606fd8\"><\/div>\n        <\/span>\n  <input class=\"wpcf7-form-control wpcf7-submit has-spinner\" type=\"submit\" value=\"Absenden\" \/>\n\n<\/div><div class=\"wpcf7-response-output\" aria-hidden=\"true\"><\/div>\n<\/form>\n<\/div>\n                <\/div>\r\n            <\/div>\r\n        <\/div>\r\n    <\/div>\r\n    <\/p>\n<\/div>\n<\/div>\n<\/div><\/div>\n<\/div><\/section>\n\n\n\n<section class=\"wp-block-group alignwide related-faqs\"><div class=\"wp-block-group__inner-container is-layout-constrained wp-block-group-is-layout-constrained\">\n<h3 class=\"wp-block-heading has-text-align-center\">F&amp;A<\/h3>\n\n\n        <div class=\"collapse container-md\">\r\n            <ul>\r\n                                    <div class=\"collapse-item\">\r\n                        <div class=\"collapse-header\">Welche Art von D\u00fcften stellen Sie her?<\/div>\r\n                        <div class=\"collapse-content\">\r\n                            <div class=\"entry-content\">\r\n                                \n<p>Wir bei Escentina sind der Meinung, dass sowohl nat\u00fcrliche als auch synthetische D\u00fcfte eine besondere Rolle in der Parf\u00fcmindustrie spielen. Deshalb ist es unser Ziel, unserer Kundschaft das Beste aus beiden Welten zu bieten. Dank unseres umfassenden Fachwissens und unserer Passion f\u00fcr <a href=\"https:\/\/www.escentina.com\/de\/unsere-duefte\/natural-fragrance-line-truescent\/\" target=\"_blank\" rel=\"noreferrer noopener\">Naturparf\u00fcmerie<\/a> haben wir uns eine f\u00fchrende Position in der Branche erarbeitet. Unser Angebot umfasst 15 Duftfamilien und eine breite Palette von Einsatzm\u00f6glichkeiten in den Bereichen K\u00f6rperpflege, Haushalt und Fine Fragrance. Unser unerm\u00fcdliches Engagement f\u00fcr Qualit\u00e4t und Konformit\u00e4t bedeutet, dass alle unsere D\u00fcfte den <a title=\"IFRA ist die International Fragrance Association, ein global aktiver Interessensverband der Parfumindustrie, der weltweite Standards f\u00fcr die sichere Verwendung von Duftstoffen in Konsumg\u00fctern festlegt. Die IFRA-Standards werden auf der Grundlage wissenschaftlicher Forschung und Risikobewertungen entwickelt und legen H\u00f6chstkonzentrationen von Duftstoffen in verschiedenen Produkten fest. Die IFRA bietet Beratung und Unterst\u00fctzung in den Bereichen Duftsicherheit, Nachhaltigkeit und Einhaltung gesetzlicher Vorschriften, um zu gew\u00e4hrleisten, dass die Verbraucher Duftstoffe sicher und langfristig geniessen k\u00f6nnen.\" href=\"#\">IFRA<\/a>-Richtlinien entsprechen und so konzipiert sind, dass sie sich f\u00fcr die vorgesehenen Anwendungen aussergew\u00f6hnlich gut eignen Dieses Engagement gew\u00e4hrleistet, dass unsere Kundschaft Zugriff auf eine breite Auswahl an Optionen hat und gleichzeitig sicher sein kann, dass sie Produkte von bester Qualit\u00e4t erhalten.<\/p>\n\r\n                                    <div class=\"faq-vote-buttons\">\r\n                                        <p>Did you find this answer helpful?<\/p>\r\n                                        <button class=\"faq-vote-button faq-vote-button-yes icon-thumbs-up\" data-post-id=\"1721\" data-vote-type=\"yes\"><\/button><button class=\"faq-vote-button faq-vote-button-no icon-thumbs-down\" data-post-id=\"1721\" data-vote-type=\"no\"><\/button>\r\n                                    <\/div>                            <\/div>\r\n                        <\/div>\r\n                    <\/div>\r\n                                    <div class=\"collapse-item\">\r\n                        <div class=\"collapse-header\">Wodurch unterscheiden sich nat\u00fcrliche von synthetischen Parf\u00fcms?<\/div>\r\n                        <div class=\"collapse-content\">\r\n                            <div class=\"entry-content\">\r\n                                <p>Die in einer Duftkomposition verwendeten Inhaltsstoffe spielen eine entscheidende Rolle bei der Abgrenzung <a href=\"https:\/\/www.escentina.com\/de\/unsere-duefte\/natural-fragrance-line-truescent\/\" target=\"_blank\" rel=\"noopener\">nat\u00fcrlicher Parf\u00fcms<\/a> von <a href=\"https:\/\/www.escentina.com\/de\/unsere-duefte\/synthetic-fragrance-line-synscent\/\" target=\"_blank\" rel=\"noopener\">synthetischen Parf\u00fcms<\/a>. Mit einer begrenzten Auswahl von etwa 350 Rohstoffen erfordert die Naturparf\u00fcmerie von den Parf\u00fcmeuren ein hohes Mass an technischem Fachwissen, um einzigartige Duftprofile zu schaffen, die in der Natur so nicht vorkommen (z. B. aquatische Noten) oder nicht mehr verwendet werden d\u00fcrfen (z. B. Moschus- und animalische Noten) und um damit alle Duftfamilien zu bedienen. Hinzu kommt, dass der Anbau und die Knappheit nat\u00fcrlicher Inhaltsstoffe die Naturparf\u00fcmerie exklusiver und kostenintensiver machen im Vergleich zu ihren synthetischen Pendants. Bei der synthetischen Parf\u00fcmerie hingegen ist eine Kombination aus bis zu 1&#8217;500 Rohstoffen m\u00f6glich, um die gew\u00fcnschten Duftkompositionen zu erzielen. Letztendlich h\u00e4ngt die Entscheidung zwischen nat\u00fcrlichen und synthetischen Inhaltsstoffen von dem gew\u00fcnschten Duftprofil und den Kosten ab.<\/p>\n\r\n                                    <div class=\"faq-vote-buttons\">\r\n                                        <p>Did you find this answer helpful?<\/p>\r\n                                        <button class=\"faq-vote-button faq-vote-button-yes icon-thumbs-up\" data-post-id=\"1722\" data-vote-type=\"yes\"><\/button><button class=\"faq-vote-button faq-vote-button-no icon-thumbs-down\" data-post-id=\"1722\" data-vote-type=\"no\"><\/button>\r\n                                    <\/div>                            <\/div>\r\n                        <\/div>\r\n                    <\/div>\r\n                                    <div class=\"collapse-item\">\r\n                        <div class=\"collapse-header\">Sind Ihre D\u00fcfte vegan und frei von Tierqu\u00e4lerei?<\/div>\r\n                        <div class=\"collapse-content\">\r\n                            <div class=\"entry-content\">\r\n                                <p>Wir bei Escentina bem\u00fchen uns bei allem, was wir tun, um die Einhaltung ethischer und nachhaltiger Methoden. Dazu geh\u00f6rt, dass wir nur vegane Inhaltsstoffe verwenden und sicherstellen, dass keines unserer Produkte oder Rohstoffe an Tieren getestet wurde. Wir sehen es als unsere Verantwortung, die Umwelt zu sch\u00fctzen und alle Lebewesen zu respektieren. Als Anbieter von Naturd\u00fcften sind wir bestrebt, in allen unseren Produkten nachhaltige und ethisch vertretbare Inhaltsstoffe zu verwenden. Wir glauben, dass wir damit einen positiven Wandel herbeif\u00fchren und so einen ges\u00fcnderen, verantwortungsvolleren Ansatz bei der Herstellung von D\u00fcften f\u00f6rdern k\u00f6nnen.<\/p>\n\r\n                                    <div class=\"faq-vote-buttons\">\r\n                                        <p>Did you find this answer helpful?<\/p>\r\n                                        <button class=\"faq-vote-button faq-vote-button-yes icon-thumbs-up\" data-post-id=\"1735\" data-vote-type=\"yes\"><\/button><button class=\"faq-vote-button faq-vote-button-no icon-thumbs-down\" data-post-id=\"1735\" data-vote-type=\"no\"><\/button>\r\n                                    <\/div>                            <\/div>\r\n                        <\/div>\r\n                    <\/div>\r\n                                    <div class=\"collapse-item\">\r\n                        <div class=\"collapse-header\">Kreieren Sie auch exklusive, massgeschneiderte Duftkompositionen f\u00fcr meine Produkte?<\/div>\r\n                        <div class=\"collapse-content\">\r\n                            <div class=\"entry-content\">\r\n                                \n<p>Wir bei Escentina sind darauf spezialisiert, <a title=\"Ein massgeschneiderter Duft ist eine auf die besonderen Vorlieben und Anforderungen eines Kunden zugeschnitten Duftkreation.\" href=\"#\">massgeschneiderte<\/a> nat\u00fcrliche Duftkompositionen zu kreieren, die den spezifischen Bed\u00fcrfnissen und Vorlieben unserer Kundschaft entsprechen, unabh\u00e4ngig davon, ob die Duftkompositionen zu 100 % nat\u00fcrlich oder synthetisch sein sollen. Unser engagiertes Verkaufsteam und unsere Meisterparf\u00fcmeure arbeiten eng mit unserer Kundschaft zusammen, um deren Visionen zu verwirklichen. Die Entwicklung von D\u00fcften, die Entwicklung von Formulierungen, Exklusivit\u00e4t und \u00dcberarbeitungen sind alles Dienstleistungen, die Escentina gerne anbietet.<\/p>\n\n\n\n<p>Um mehr \u00fcber unsere Entwicklungsdienstleistungen zu erfahren, besuchen Sie bitte unsere <a href=\"https:\/\/www.escentina.com\/de\/unsere-duefte\/duft-projekte\/\" target=\"_blank\" rel=\"noreferrer noopener\">Service-Seite<\/a>.<\/p>\n\r\n                                    <div class=\"faq-vote-buttons\">\r\n                                        <p>Did you find this answer helpful?<\/p>\r\n                                        <button class=\"faq-vote-button faq-vote-button-yes icon-thumbs-up\" data-post-id=\"1729\" data-vote-type=\"yes\"><\/button><button class=\"faq-vote-button faq-vote-button-no icon-thumbs-down\" data-post-id=\"1729\" data-vote-type=\"no\"><\/button>\r\n                                    <\/div>                            <\/div>\r\n                        <\/div>\r\n                    <\/div>\r\n                            <\/ul>\r\n        <\/div>\r\n        \n\n\n\n<div class=\"wp-block-buttons is-content-justification-center is-layout-flex wp-container-core-buttons-is-layout-16018d1d wp-block-buttons-is-layout-flex\">\n<div class=\"wp-block-button\"><a class=\"wp-block-button__link wp-element-button\" href=\"https:\/\/www.escentina.com\/de\/faq\/\">Mehr Sehen<\/a><\/div>\n<\/div>\n<\/div><\/section>\n\n\n\n<section class=\"wp-block-group related-pages\"><div class=\"wp-block-group__inner-container is-layout-constrained wp-block-group-is-layout-constrained\">\n<h3 class=\"wp-block-heading has-text-align-center\">Weitere Informationen<\/h3>\n\n\n<div class=\"related-pages-wrapper container\"><ul class=\"row justify-content-center\"><li class=\"col-md-4\"><figure class=\"thumbnail\"><a href=\"https:\/\/www.escentina.com\/de\/unsere-duefte\/natural-fragrance-line-truescent\/\"><img loading=\"lazy\" decoding=\"async\" width=\"300\" height=\"300\" src=\"https:\/\/www.escentina.com\/wp-content\/uploads\/2023\/12\/Escentina-Natural-fragrances-min-300x300.jpg\" class=\"attachment-thumbnail size-thumbnail wp-post-image\" alt=\"\" srcset=\"https:\/\/www.escentina.com\/wp-content\/uploads\/2023\/12\/Escentina-Natural-fragrances-min-300x300.jpg 300w, https:\/\/www.escentina.com\/wp-content\/uploads\/2023\/12\/Escentina-Natural-fragrances-min-630x630.jpg 630w, https:\/\/www.escentina.com\/wp-content\/uploads\/2023\/12\/Escentina-Natural-fragrances-min-768x768.jpg 768w, https:\/\/www.escentina.com\/wp-content\/uploads\/2023\/12\/Escentina-Natural-fragrances-min.jpg 1200w\" sizes=\"auto, (max-width: 300px) 100vw, 300px\" \/><\/a><\/figure><h4 class=\"page-title\"><a href=\"https:\/\/www.escentina.com\/de\/unsere-duefte\/natural-fragrance-line-truescent\/\">Nat\u00fcrliche D\u00fcfte<\/a><\/h4><\/li><li class=\"col-md-4\"><figure class=\"thumbnail\"><a href=\"https:\/\/www.escentina.com\/de\/unsere-duefte\/fine-fragrance-line-finescent\/\"><img loading=\"lazy\" decoding=\"async\" width=\"300\" height=\"300\" src=\"https:\/\/www.escentina.com\/wp-content\/uploads\/2023\/12\/Escentina-Fine-fragrances-min-300x300.jpg\" class=\"attachment-thumbnail size-thumbnail wp-post-image\" alt=\"Escentina fine fragrance bottle\" srcset=\"https:\/\/www.escentina.com\/wp-content\/uploads\/2023\/12\/Escentina-Fine-fragrances-min-300x300.jpg 300w, https:\/\/www.escentina.com\/wp-content\/uploads\/2023\/12\/Escentina-Fine-fragrances-min-630x630.jpg 630w, https:\/\/www.escentina.com\/wp-content\/uploads\/2023\/12\/Escentina-Fine-fragrances-min-768x768.jpg 768w, https:\/\/www.escentina.com\/wp-content\/uploads\/2023\/12\/Escentina-Fine-fragrances-min.jpg 1200w\" sizes=\"auto, (max-width: 300px) 100vw, 300px\" \/><\/a><\/figure><h4 class=\"page-title\"><a href=\"https:\/\/www.escentina.com\/de\/unsere-duefte\/fine-fragrance-line-finescent\/\">Fine Fragrance<\/a><\/h4><\/li><li class=\"col-md-4\"><figure class=\"thumbnail\"><a href=\"https:\/\/www.escentina.com\/de\/unsere-duefte\/duft-projekte\/\"><\/a><\/figure><h4 class=\"page-title\"><a href=\"https:\/\/www.escentina.com\/de\/unsere-duefte\/duft-projekte\/\">Duft-Projekte<\/a><\/h4><\/li><\/ul><\/div>\n<\/div><\/section>\n","protected":false},"excerpt":{"rendered":"<p>Unsere Linie Synthetischer D\u00fcfteSynScent Die Werte der Natur durch die Wissenschaft verbessern Scroll Wir sind uns der steigenden Nachfrage nach nat\u00fcrlichen Duftstoffen bewusst, erkennen aber auch die eindeutigen Vorteile synthetischer Parf\u00fcms an. Wir sind der festen \u00dcberzeugung, dass sowohl nat\u00fcrliche als auch synthetische Parf\u00fcms ihren Platz in der Duftindustrie haben. Wir sind stolz darauf, unserer Kundschaft mit unserem&#8230;<\/p>\n","protected":false},"author":1,"featured_media":1524,"parent":1688,"menu_order":0,"comment_status":"closed","ping_status":"closed","template":"","meta":{"_acf_changed":false,"_seopress_robots_primary_cat":"","_seopress_titles_title":"Unsere Linie Synthetischer D\u00fcfte SynScent - Escentina","_seopress_titles_desc":"Wir sind der festen \u00dcberzeugung, dass sowohl nat\u00fcrliche als auch synthetische Parf\u00fcms ihren Platz in der Duftindustrie haben. Wir sind stolz darauf, unserer Kundschaft mit unserem Angebot an nat\u00fcrlichen D\u00fcften und synthetischen Parf\u00fcmlinien das Beste aus beiden Welten anbieten zu k\u00f6nnen.","_seopress_robots_index":"","footnotes":""},"class_list":["post-1694","page","type-page","status-publish","has-post-thumbnail","hentry"],"acf":[],"_links":{"self":[{"href":"https:\/\/www.escentina.com\/de\/wp-json\/wp\/v2\/pages\/1694","targetHints":{"allow":["GET"]}}],"collection":[{"href":"https:\/\/www.escentina.com\/de\/wp-json\/wp\/v2\/pages"}],"about":[{"href":"https:\/\/www.escentina.com\/de\/wp-json\/wp\/v2\/types\/page"}],"author":[{"embeddable":true,"href":"https:\/\/www.escentina.com\/de\/wp-json\/wp\/v2\/users\/1"}],"replies":[{"embeddable":true,"href":"https:\/\/www.escentina.com\/de\/wp-json\/wp\/v2\/comments?post=1694"}],"version-history":[{"count":5,"href":"https:\/\/www.escentina.com\/de\/wp-json\/wp\/v2\/pages\/1694\/revisions"}],"predecessor-version":[{"id":14306,"href":"https:\/\/www.escentina.com\/de\/wp-json\/wp\/v2\/pages\/1694\/revisions\/14306"}],"up":[{"embeddable":true,"href":"https:\/\/www.escentina.com\/de\/wp-json\/wp\/v2\/pages\/1688"}],"wp:featuredmedia":[{"embeddable":true,"href":"https:\/\/www.escentina.com\/de\/wp-json\/wp\/v2\/media\/1524"}],"wp:attachment":[{"href":"https:\/\/www.escentina.com\/de\/wp-json\/wp\/v2\/media?parent=1694"}],"curies":[{"name":"wp","href":"https:\/\/api.w.org\/{rel}","templated":true}]}}